{"id":9504,"date":"2024-11-07T08:56:26","date_gmt":"2024-11-07T11:56:26","guid":{"rendered":"https:\/\/caminhodafe.com.br\/ptbr\/?page_id=9504"},"modified":"2024-11-07T09:03:46","modified_gmt":"2024-11-07T12:03:46","slug":"no-caminho-da-dignidade","status":"publish","type":"page","link":"https:\/\/caminhodafe.com.br\/ptbr\/no-caminho-da-dignidade\/","title":{"rendered":"No Caminho da dignidade"},"content":{"rendered":"<section class=\"wpb-content-wrapper\"><p>[vc_row][vc_column][vc_single_image image=&#8221;9503&#8243; img_size=&#8221;large&#8221; alignment=&#8221;center&#8221;][vc_column_text]<\/p>\n<h3><b>Campanha No Caminho da Dignidade<\/b><\/h3>\n<p><span style=\"font-weight: 400;\">A <\/span><b>Campanha No Caminho da Dignidade<\/b><span style=\"font-weight: 400;\"> \u00e9 uma iniciativa cont\u00ednua do Caminho da F\u00e9 em parceria com o Instituto Educadoras do Brasil &#8211; ELA, que busca diminuir a vulnerabilidade menstrual entre mulheres. Por meio da doa\u00e7\u00e3o de absorventes nos pontos de apoio ao longo da rota, os peregrinos podem contribuir diretamente para essa causa, ajudando a garantir que todas as mulheres tenham acesso a itens de higiene b\u00e1sica.<\/span><\/p>\n<h4><b>Como Participar<\/b><\/h4>\n<p><span style=\"font-weight: 400;\">Antes de iniciar sua jornada no Caminho da F\u00e9, convidamos todos os peregrinos a realizarem uma doa\u00e7\u00e3o de absorventes nos pontos de coleta indicados. As doa\u00e7\u00f5es s\u00e3o recolhidas periodicamente e destinadas ao Instituto Educadoras do Brasil, que faz a distribui\u00e7\u00e3o para institui\u00e7\u00f5es beneficentes e comunidades em necessidade.<\/span><\/p>\n<h4><b>Pontos de Doa\u00e7\u00e3o<\/b><\/h4>\n<p><span style=\"font-weight: 400;\">Aqui est\u00e3o os locais onde voc\u00ea pode depositar sua doa\u00e7\u00e3o de absorventes ao longo do Caminho da F\u00e9:<\/span><\/p>\n<p><strong>\u00c1guas da Prata\/SP:<\/strong><\/p>\n<p><b>Sede da Associa\u00e7\u00e3o dos Amigos do Caminho da F\u00e9<\/b><b><br \/>\n<\/b><span style=\"font-weight: 400;\">Endere\u00e7o:<\/span> <i><span style=\"font-weight: 400;\">R. Queiroz Filho, 469 &#8211; Centro, \u00c1guas da Prata &#8211; SP, 13890-017<\/span><\/i><\/p>\n<p><b>Drogaria Prata<\/b><b><br \/>\n<\/b><span style=\"font-weight: 400;\">Endere\u00e7o: <\/span><i><span style=\"font-weight: 400;\">SP-342 &#8211; Centro, \u00c1guas da Prata &#8211; SP, 13890-000<\/span><\/i><i><span style=\"font-weight: 400;\"><br \/>\n<\/span><\/i><i><span style=\"font-weight: 400;\">Instagram:<\/span><\/i><a href=\"https:\/\/www.instagram.com\/drogaria.prata\"> <i><span style=\"font-weight: 400;\">@drogaria.prata<\/span><\/i><\/a><\/p>\n<p><b>SuperMercado Wan<\/b><b><br \/>\n<\/b><span style=\"font-weight: 400;\">Endere\u00e7o: <\/span><i><span style=\"font-weight: 400;\">R. Gabriel Ferreira, 257 &#8211; Centro, \u00c1guas da Prata &#8211; SP, 13890-000<\/span><\/i><i><span style=\"font-weight: 400;\"><br \/>\n<\/span><\/i><span style=\"font-weight: 400;\">Instagram:<\/span><a href=\"https:\/\/www.instagram.com\/supermercado_wan\"> <span style=\"font-weight: 400;\">@supermercado_wan<\/span><\/a><\/p>\n<p><strong>S\u00e3o Jo\u00e3o da Boa Vista\/SP:<\/strong><\/p>\n<p><b>Casa L\u00f3tus<\/b><b><br \/>\n<\/b><span style=\"font-weight: 400;\">Endere\u00e7o: <\/span><i><span style=\"font-weight: 400;\">R. Luiz Antonio Rosina, 94 &#8211; Mantiqueira, S\u00e3o Jo\u00e3o da Boa Vista &#8211; SP, 13874-308<\/span><\/i><i><span style=\"font-weight: 400;\"><br \/>\n<\/span><\/i><span style=\"font-weight: 400;\">Instagram:<\/span><a href=\"https:\/\/www.instagram.com\/acasa.lotus\"> <span style=\"font-weight: 400;\">@acasa.lotus<\/span><\/a><\/p>\n<p><b>Farm\u00e1cia do Povo<\/b><b><br \/>\n<\/b><span style=\"font-weight: 400;\">Endere\u00e7o: <\/span><i><span style=\"font-weight: 400;\">R. Carolina Malheiros, 225 &#8211; Vila Conrado, S\u00e3o Jo\u00e3o da Boa Vista &#8211; SP, 13870-720<\/span><\/i><i><span style=\"font-weight: 400;\"><br \/>\n<\/span><\/i><span style=\"font-weight: 400;\">Instagram:<\/span><a href=\"https:\/\/www.instagram.com\/farmaciadopovosjbv\"> <span style=\"font-weight: 400;\">@farmaciadopovosjbv<\/span><\/a><\/p>\n<p><b>SuperMercado Corso<\/b><b><br \/>\n<\/b><span style=\"font-weight: 400;\">Endere\u00e7o:<\/span> <i><span style=\"font-weight: 400;\">R. Eduardo Lopes Castilho, 495 &#8211; Vila Brasil, S\u00e3o Jo\u00e3o da Boa Vista &#8211; SP, 13875-000<\/span><\/i><\/p>\n<p><b>Casa de Bolos DER<\/b><b><br \/>\n<\/b><span style=\"font-weight: 400;\">Endere\u00e7o: <\/span><i><span style=\"font-weight: 400;\">R. Henrique Cabral de Vasconcelos, 1646 &#8211; DER, S\u00e3o Jo\u00e3o da Boa Vista &#8211; SP, 13876-100<\/span><\/i><i><span style=\"font-weight: 400;\"><br \/>\n<\/span><\/i><span style=\"font-weight: 400;\">Instagram:<\/span><a href=\"https:\/\/www.instagram.com\/casadebolosderoficial\"> <span style=\"font-weight: 400;\">@casadebolosderoficial<\/span><\/a><\/p>\n<p><strong>Consola\u00e7\u00e3o\/MG:<\/strong><\/p>\n<p><b>Santo Sabor Consola\u00e7\u00e3o<\/b><b><br \/>\n<\/b><span style=\"font-weight: 400;\">Endere\u00e7o: <\/span><i><span style=\"font-weight: 400;\">R. C\u00e2ndido Marques de Oliveira &#8211; Centro, Consola\u00e7\u00e3o &#8211; MG, 37670-000<\/span><\/i><i><span style=\"font-weight: 400;\"><br \/>\n<\/span><\/i><span style=\"font-weight: 400;\">Instagram:<\/span><a href=\"https:\/\/www.instagram.com\/santosaborconsolacao\"> <span style=\"font-weight: 400;\">@santosaborconsolacao<\/span><\/a><\/p>\n<p><strong>Monte Si\u00e3o\/MG:<\/strong><br \/>\n<b>Receptivo Tur\u00edstico<\/b><b><br \/>\n<\/b><span style=\"font-weight: 400;\">Endere\u00e7o: <\/span><i><span style=\"font-weight: 400;\">Av. Presidente Get\u00falio Vargas, Monte Si\u00e3o &#8211; MG, 37580-000<\/span><\/i><\/p>\n<p><strong>Parais\u00f3polis\/MG:<\/strong><\/p>\n<p><b>Pousada da Pra\u00e7a<\/b><b><br \/>\n<\/b><span style=\"font-weight: 400;\">Endere\u00e7o: <\/span><b>\u00a0<\/b><i><span style=\"font-weight: 400;\">Pra\u00e7a Presidente Get\u00falio Vargas, 149, Parais\u00f3polis &#8211; MG, 37660-000<\/span><\/i><i><span style=\"font-weight: 400;\"><br \/>\n<\/span><\/i><span style=\"font-weight: 400;\">Instagram:<\/span><a href=\"https:\/\/www.instagram.com\/pousadadapracaparaisopolis\"> <span style=\"font-weight: 400;\">@pousadadapracaparaisopolis<\/span><\/a><\/p>\n<p><b>Pousada Seta Amarela<\/b><\/p>\n<p><span style=\"font-weight: 400;\">Endere\u00e7o: <\/span><i><span style=\"font-weight: 400;\">Machad\u00e3o &#8211; Km 138 do Caminho da F\u00e9, Parais\u00f3polis &#8211; MG, 37660-000<\/span><\/i><i><span style=\"font-weight: 400;\"><br \/>\n<\/span><\/i><span style=\"font-weight: 400;\">Instagram:<\/span><a href=\"https:\/\/www.instagram.com\/setaamarela.oficial\"> <span style=\"font-weight: 400;\">@setaamarela.oficial<\/span><\/a><\/p>\n<h4><b>Impacto da Sua Doa\u00e7\u00e3o<\/b><\/h4>\n<p><span style=\"font-weight: 400;\">Sua doa\u00e7\u00e3o faz uma enorme diferen\u00e7a na vida de muitas mulheres, garantindo dignidade e sa\u00fade em um aspecto fundamental da vida di\u00e1ria. Ao contribuir, voc\u00ea ajuda a fortalecer uma rede de apoio que transcende o Caminho da F\u00e9, impactando comunidades em diversas regi\u00f5es.<\/span><\/p>\n<h4><b>Junte-se a n\u00f3s!<\/b><\/h4>\n<p><span style=\"font-weight: 400;\">Queremos que essa campanha continue crescendo com o apoio de todos. Fa\u00e7a parte dessa corrente de solidariedade e ajude a mudar vidas ao longo do Caminho da F\u00e9.<\/span><\/p>\n<p>&nbsp;<\/p>\n<p><span style=\"font-weight: 400;\">[Caso tenha d\u00favidas fale conosco] &#8211; WhatsApp: <a href=\"https:\/\/api.whatsapp.com\/send?phone=5519998562620\">(19) 99856-2620<\/a><\/span>[\/vc_column_text][\/vc_column][\/vc_row]<\/p>\n<\/section>","protected":false},"excerpt":{"rendered":"<p>[vc_row][vc_column][vc_single_image image=&#8221;9503&#8243; img_size=&#8221;large&#8221; alignment=&#8221;center&#8221;][vc_column_text] Campanha No Caminho da Dignidade A Campanha No Caminho da Dignidade \u00e9 uma iniciativa cont\u00ednua do Caminho da F\u00e9 em parceria com o Instituto Educadoras do Brasil &#8211; ELA, que busca diminuir a vulnerabilidade menstrual entre mulheres. Por meio da doa\u00e7\u00e3o de absorventes nos pontos de apoio ao longo da rota, os peregrinos podem contribuir diretamente para essa causa, ajudando a garantir que todas as mulheres tenham acesso a itens de higiene b\u00e1sica. Como Participar Antes de iniciar sua jornada no Caminho da F\u00e9, convidamos todos os peregrinos a realizarem uma doa\u00e7\u00e3o de absorventes nos pontos de coleta indicados. As doa\u00e7\u00f5es s\u00e3o recolhidas periodicamente e destinadas ao Instituto Educadoras do Brasil, que faz a distribui\u00e7\u00e3o para institui\u00e7\u00f5es beneficentes e comunidades em necessidade. Pontos de Doa\u00e7\u00e3o Aqui est\u00e3o os locais onde voc\u00ea pode depositar sua doa\u00e7\u00e3o de absorventes ao longo do Caminho da F\u00e9: \u00c1guas da Prata\/SP: Sede da Associa\u00e7\u00e3o dos Amigos do Caminho da F\u00e9 Endere\u00e7o: R. Queiroz Filho, 469 &#8211; Centro, \u00c1guas da Prata &#8211; SP, 13890-017 Drogaria Prata Endere\u00e7o: SP-342 &#8211; Centro, \u00c1guas da Prata &#8211; SP, 13890-000 Instagram: @drogaria.prata SuperMercado Wan Endere\u00e7o: R. Gabriel Ferreira, 257 &#8211; Centro, \u00c1guas da Prata &#8211; SP, 13890-000 Instagram: @supermercado_wan S\u00e3o Jo\u00e3o da Boa Vista\/SP: Casa L\u00f3tus Endere\u00e7o: R. Luiz Antonio Rosina, 94 &#8211; Mantiqueira, S\u00e3o Jo\u00e3o da Boa Vista &#8211; SP, 13874-308 Instagram: @acasa.lotus Farm\u00e1cia do Povo Endere\u00e7o: R. Carolina Malheiros, 225 &#8211; Vila Conrado, S\u00e3o Jo\u00e3o da Boa Vista &#8211; SP, 13870-720 Instagram: @farmaciadopovosjbv SuperMercado Corso Endere\u00e7o: R. Eduardo Lopes Castilho, 495 &#8211; Vila Brasil, S\u00e3o Jo\u00e3o da Boa Vista &#8211; SP, 13875-000 Casa de Bolos DER Endere\u00e7o: R. Henrique Cabral de Vasconcelos, 1646 &#8211; DER, S\u00e3o Jo\u00e3o da Boa Vista &#8211; SP, 13876-100 Instagram: @casadebolosderoficial Consola\u00e7\u00e3o\/MG: Santo Sabor Consola\u00e7\u00e3o Endere\u00e7o: R. C\u00e2ndido Marques de Oliveira &#8211; Centro, Consola\u00e7\u00e3o &#8211; MG, 37670-000 Instagram: @santosaborconsolacao Monte Si\u00e3o\/MG: Receptivo Tur\u00edstico Endere\u00e7o: Av. Presidente Get\u00falio Vargas, Monte Si\u00e3o &#8211; MG, 37580-000 Parais\u00f3polis\/MG: Pousada da Pra\u00e7a Endere\u00e7o: \u00a0Pra\u00e7a Presidente Get\u00falio Vargas, 149, Parais\u00f3polis &#8211; MG, 37660-000 Instagram: @pousadadapracaparaisopolis Pousada Seta Amarela Endere\u00e7o: Machad\u00e3o &#8211; Km 138 do Caminho da F\u00e9, Parais\u00f3polis &#8211; MG, 37660-000 Instagram: @setaamarela.oficial Impacto da Sua Doa\u00e7\u00e3o Sua doa\u00e7\u00e3o faz uma enorme diferen\u00e7a na vida de muitas mulheres, garantindo dignidade e sa\u00fade em um aspecto fundamental da vida di\u00e1ria. Ao contribuir, voc\u00ea ajuda a fortalecer uma rede de apoio que transcende o Caminho da F\u00e9, impactando comunidades em diversas regi\u00f5es. Junte-se a n\u00f3s! Queremos que essa campanha continue crescendo com o apoio de todos. Fa\u00e7a parte dessa corrente de solidariedade e ajude a mudar vidas ao longo do Caminho da F\u00e9. &nbsp; [Caso tenha d\u00favidas fale conosco] &#8211; WhatsApp: (19) 99856-2620[\/vc_column_text][\/vc_column][\/vc_row]<\/p>\n","protected":false},"author":2,"featured_media":9502,"parent":0,"menu_order":0,"comment_status":"closed","ping_status":"closed","template":"","meta":{"content-type":"","_monsterinsights_skip_tracking":false,"_monsterinsights_sitenote_active":false,"_monsterinsights_sitenote_note":"","_monsterinsights_sitenote_category":0,"footnotes":""},"class_list":["post-9504","page","type-page","status-publish","has-post-thumbnail","hentry"],"_links":{"self":[{"href":"https:\/\/caminhodafe.com.br\/ptbr\/wp-json\/wp\/v2\/pages\/9504","targetHints":{"allow":["GET"]}}],"collection":[{"href":"https:\/\/caminhodafe.com.br\/ptbr\/wp-json\/wp\/v2\/pages"}],"about":[{"href":"https:\/\/caminhodafe.com.br\/ptbr\/wp-json\/wp\/v2\/types\/page"}],"author":[{"embeddable":true,"href":"https:\/\/caminhodafe.com.br\/ptbr\/wp-json\/wp\/v2\/users\/2"}],"replies":[{"embeddable":true,"href":"https:\/\/caminhodafe.com.br\/ptbr\/wp-json\/wp\/v2\/comments?post=9504"}],"version-history":[{"count":3,"href":"https:\/\/caminhodafe.com.br\/ptbr\/wp-json\/wp\/v2\/pages\/9504\/revisions"}],"predecessor-version":[{"id":9508,"href":"https:\/\/caminhodafe.com.br\/ptbr\/wp-json\/wp\/v2\/pages\/9504\/revisions\/9508"}],"wp:featuredmedia":[{"embeddable":true,"href":"https:\/\/caminhodafe.com.br\/ptbr\/wp-json\/wp\/v2\/media\/9502"}],"wp:attachment":[{"href":"https:\/\/caminhodafe.com.br\/ptbr\/wp-json\/wp\/v2\/media?parent=9504"}],"curies":[{"name":"wp","href":"https:\/\/api.w.org\/{rel}","templated":true}]}}